{"id":207,"date":"2016-10-12T18:04:37","date_gmt":"2016-10-12T18:04:37","guid":{"rendered":"http:\/\/demo.mekshq.com\/voice\/?page_id=207"},"modified":"2023-10-12T14:33:31","modified_gmt":"2023-10-12T12:33:31","slug":"home","status":"publish","type":"page","link":"https:\/\/magazin.ikk-suedwest.de\/oktober-2023\/","title":{"rendered":"IKK Online-Magazin"},"content":{"rendered":"\n<h2 class=\"wp-block-heading has-text-color\" id=\"ausgabe-september-2022\" style=\"color:#009fe3\">Ausgabe Oktober 2023<\/h2>\n\n\n\n<div class=\"wp-block-columns is-layout-flex wp-container-core-columns-is-layout-8f761849 wp-block-columns-is-layout-flex\">\n<div class=\"wp-block-column is-layout-flow wp-block-column-is-layout-flow\" style=\"flex-basis:33.33%\">\n<figure class=\"wp-block-image size-full\"><img loading=\"lazy\" decoding=\"async\" width=\"886\" height=\"870\" src=\"https:\/\/magazin.ikk-suedwest.de\/oktober-2023\/wp-content\/uploads\/sites\/10\/2021\/08\/ikk_vorstand_editorial_magazine_886x870.jpg\" alt=\"\" class=\"wp-image-4457\" srcset=\"https:\/\/magazin.ikk-suedwest.de\/oktober-2023\/wp-content\/uploads\/sites\/10\/2021\/08\/ikk_vorstand_editorial_magazine_886x870.jpg 886w, https:\/\/magazin.ikk-suedwest.de\/oktober-2023\/wp-content\/uploads\/sites\/10\/2021\/08\/ikk_vorstand_editorial_magazine_886x870-300x295.jpg 300w, https:\/\/magazin.ikk-suedwest.de\/oktober-2023\/wp-content\/uploads\/sites\/10\/2021\/08\/ikk_vorstand_editorial_magazine_886x870-768x754.jpg 768w, https:\/\/magazin.ikk-suedwest.de\/oktober-2023\/wp-content\/uploads\/sites\/10\/2021\/08\/ikk_vorstand_editorial_magazine_886x870-370x363.jpg 370w, https:\/\/magazin.ikk-suedwest.de\/oktober-2023\/wp-content\/uploads\/sites\/10\/2021\/08\/ikk_vorstand_editorial_magazine_886x870-270x265.jpg 270w, https:\/\/magazin.ikk-suedwest.de\/oktober-2023\/wp-content\/uploads\/sites\/10\/2021\/08\/ikk_vorstand_editorial_magazine_886x870-570x560.jpg 570w, https:\/\/magazin.ikk-suedwest.de\/oktober-2023\/wp-content\/uploads\/sites\/10\/2021\/08\/ikk_vorstand_editorial_magazine_886x870-509x500.jpg 509w, https:\/\/magazin.ikk-suedwest.de\/oktober-2023\/wp-content\/uploads\/sites\/10\/2021\/08\/ikk_vorstand_editorial_magazine_886x870-740x727.jpg 740w\" sizes=\"auto, (max-width: 886px) 100vw, 886px\" \/><\/figure>\n<\/div>\n\n\n\n<div class=\"wp-block-column is-layout-flow wp-block-column-is-layout-flow\" style=\"flex-basis:66.66%\">\n<p class=\"wp-block-paragraph\">Liebe Leserinnen und Leser, <\/p>\n\n\n\n<p class=\"wp-block-paragraph\">die diesj\u00e4hrige Sozialwahl bedeutet gro\u00dfe Ver\u00e4nderungen im <a href=\"https:\/\/magazin.ikk-suedwest.de\/oktober-2023\/neuer-verwaltungsrat-nimmt-seine-arbeit-auf\/\" target=\"_blank\" rel=\"noreferrer noopener\"><mark style=\"background-color:rgba(0, 0, 0, 0)\" class=\"has-inline-color has-gridlove-acc-color\"><em>Verwaltungsrat<\/em><\/mark><\/a><em><mark style=\"background-color:rgba(0, 0, 0, 0)\" class=\"has-inline-color has-gridlove-acc-color\"> <\/mark><\/em>der IKK S\u00fcdwest. Elf neue Kolleginnen und Kollegen durften wir im Rahmen der konstituierenden Sitzung im September begr\u00fc\u00dfen. Als Vorst\u00e4nde freuen wir uns nun darauf, gemeinsam mit unserer Selbstverwaltung die Zukunft unserer regionalen Krankenkasse weiter erfolgreich zu gestalten.<\/p>\n\n\n\n<p class=\"wp-block-paragraph\">Gleichzeitig markierte die Sitzung das Ende einer \u00c4ra. Rainer Lunk schied nach 24 Jahren, davon 12 als Vorsitzender der Arbeitgeberseite, aus dem Verwaltungsrat aus. Im <em><a href=\"https:\/\/magazin.ikk-suedwest.de\/oktober-2023\/ich-wu%cc%88rde-mich-der-verantwortung-jederzeit-wieder-stellen\/\" target=\"_blank\" rel=\"noreferrer noopener\"><mark style=\"background-color:rgba(0, 0, 0, 0)\" class=\"has-inline-color has-gridlove-acc-color\">Interview<\/mark><\/a> <\/em>mit ihm lassen wir die gemeinsame Zeit Revue passieren. Seine Nachfolge tritt Gerd Benzm\u00fcller an, dem wir einen guten Start in sein neues Amt w\u00fcnschen.<\/p>\n\n\n\n<p class=\"wp-block-paragraph\">In unserer Ratgeberrubrik richten wir diesmal den Fokus auf ein wichtiges Thema, das oft leider nicht die verdiente Beachtung erh\u00e4lt: die Selbsthilfe. Selbsthilfegruppen bieten Erkrankten und deren Familien zus\u00e4tzliche Unterst\u00fctzung, die ihnen beim Umgang mit Krankheiten hilft und die Orientierung im Gesundheitssystem erleichtert. Im <em><a href=\"https:\/\/magazin.ikk-suedwest.de\/oktober-2023\/gewusst-wie\/\" target=\"_blank\" rel=\"noreferrer noopener\"><mark style=\"background-color:rgba(0, 0, 0, 0)\" class=\"has-inline-color has-gridlove-acc-color\">Artikel<\/mark><\/a><mark style=\"background-color:rgba(0, 0, 0, 0)\" class=\"has-inline-color has-gridlove-acc-color\"> <\/mark><\/em>beantworten wir die wichtigsten Fragen.<\/p>\n\n\n\n<p class=\"wp-block-paragraph\">Auch dar\u00fcber hinaus bieten wir Ihnen in dieser Ausgabe unseres Magazins eine breite Themenvielfalt. Ob Fitness, Ern\u00e4hrung, mentale Gesundheit oder Interessantes aus der Region \u2013 wir werfen zusammen mit Ihnen einen Blick darauf.<\/p>\n\n\n\n<p class=\"wp-block-paragraph\">Und nun viel Spa\u00df mit der aktuellen Ausgabe.<\/p>\n\n\n\n<p class=\"wp-block-paragraph\">Herzlichst,<br>Prof. Dr. J\u00f6rg Loth und Daniel Schilling<\/p>\n<\/div>\n<\/div>\n","protected":false},"excerpt":{"rendered":"<p>Ausgabe Oktober 2023 Liebe Leserinnen und Leser, die diesj\u00e4hrige Sozialwahl bedeutet gro\u00dfe Ver\u00e4nderungen im Verwaltungsrat der IKK S\u00fcdwest. Elf neue Kolleginnen und Kollegen durften wir im Rahmen der konstituierenden Sitzung im September begr\u00fc\u00dfen. Als Vorst\u00e4nde freuen wir uns nun darauf, gemeinsam mit unserer Selbstverwaltung die Zukunft unserer regionalen Krankenkasse weiter erfolgreich zu gestalten. Gleichzeitig markierte [&hellip;]<\/p>\n","protected":false},"author":1,"featured_media":0,"parent":0,"menu_order":0,"comment_status":"open","ping_status":"open","template":"template-modules.php","meta":{"_acf_changed":false,"_crdt_document":"","favoriteCount":0,"footnotes":""},"class_list":["post-207","page","type-page","status-publish","hentry"],"acf":[],"yoast_head":"<!-- This site is optimized with the Yoast SEO plugin v27.4 - https:\/\/yoast.com\/product\/yoast-seo-wordpress\/ -->\n<title>IKK Online-Magazin - Oktober 2023<\/title>\n<meta name=\"robots\" content=\"noindex, follow, max-snippet:-1, max-image-preview:large, max-video-preview:-1\" \/>\n<meta property=\"og:locale\" content=\"de_DE\" \/>\n<meta property=\"og:type\" content=\"article\" \/>\n<meta property=\"og:title\" content=\"IKK Online-Magazin - Oktober 2023\" \/>\n<meta property=\"og:description\" content=\"Ausgabe Oktober 2023 Liebe Leserinnen und Leser, die diesj\u00e4hrige Sozialwahl bedeutet gro\u00dfe Ver\u00e4nderungen im Verwaltungsrat der IKK S\u00fcdwest. Elf neue Kolleginnen und Kollegen durften wir im Rahmen der konstituierenden Sitzung im September begr\u00fc\u00dfen. Als Vorst\u00e4nde freuen wir uns nun darauf, gemeinsam mit unserer Selbstverwaltung die Zukunft unserer regionalen Krankenkasse weiter erfolgreich zu gestalten. Gleichzeitig markierte [&hellip;]\" \/>\n<meta property=\"og:url\" content=\"https:\/\/magazin.ikk-suedwest.de\/oktober-2023\/\" \/>\n<meta property=\"og:site_name\" content=\"Oktober 2023\" \/>\n<meta property=\"article:modified_time\" content=\"2023-10-12T12:33:31+00:00\" \/>\n<meta property=\"og:image\" content=\"https:\/\/magazin.ikk-suedwest.de\/oktober-2023\/wp-content\/uploads\/sites\/10\/2021\/08\/ikk_vorstand_editorial_magazine_886x870.jpg\" \/>\n<meta name=\"twitter:card\" content=\"summary_large_image\" \/>\n<meta name=\"twitter:label1\" content=\"Gesch\u00e4tzte Lesezeit\" \/>\n\t<meta name=\"twitter:data1\" content=\"2\u00a0Minuten\" \/>\n<script type=\"application\/ld+json\" class=\"yoast-schema-graph\">{\"@context\":\"https:\\\/\\\/schema.org\",\"@graph\":[{\"@type\":\"WebPage\",\"@id\":\"https:\\\/\\\/magazin.ikk-suedwest.de\\\/oktober-2023\\\/\",\"url\":\"https:\\\/\\\/magazin.ikk-suedwest.de\\\/oktober-2023\\\/\",\"name\":\"IKK Online-Magazin - Oktober 2023\",\"isPartOf\":{\"@id\":\"https:\\\/\\\/magazin.ikk-suedwest.de\\\/oktober-2023\\\/#website\"},\"primaryImageOfPage\":{\"@id\":\"https:\\\/\\\/magazin.ikk-suedwest.de\\\/oktober-2023\\\/#primaryimage\"},\"image\":{\"@id\":\"https:\\\/\\\/magazin.ikk-suedwest.de\\\/oktober-2023\\\/#primaryimage\"},\"thumbnailUrl\":\"https:\\\/\\\/magazin.ikk-suedwest.de\\\/oktober-2023\\\/wp-content\\\/uploads\\\/sites\\\/10\\\/2021\\\/08\\\/ikk_vorstand_editorial_magazine_886x870.jpg\",\"datePublished\":\"2016-10-12T18:04:37+00:00\",\"dateModified\":\"2023-10-12T12:33:31+00:00\",\"breadcrumb\":{\"@id\":\"https:\\\/\\\/magazin.ikk-suedwest.de\\\/oktober-2023\\\/#breadcrumb\"},\"inLanguage\":\"de\",\"potentialAction\":[{\"@type\":\"ReadAction\",\"target\":[\"https:\\\/\\\/magazin.ikk-suedwest.de\\\/oktober-2023\\\/\"]}]},{\"@type\":\"ImageObject\",\"inLanguage\":\"de\",\"@id\":\"https:\\\/\\\/magazin.ikk-suedwest.de\\\/oktober-2023\\\/#primaryimage\",\"url\":\"https:\\\/\\\/magazin.ikk-suedwest.de\\\/oktober-2023\\\/wp-content\\\/uploads\\\/sites\\\/10\\\/2021\\\/08\\\/ikk_vorstand_editorial_magazine_886x870.jpg\",\"contentUrl\":\"https:\\\/\\\/magazin.ikk-suedwest.de\\\/oktober-2023\\\/wp-content\\\/uploads\\\/sites\\\/10\\\/2021\\\/08\\\/ikk_vorstand_editorial_magazine_886x870.jpg\",\"width\":886,\"height\":870},{\"@type\":\"BreadcrumbList\",\"@id\":\"https:\\\/\\\/magazin.ikk-suedwest.de\\\/oktober-2023\\\/#breadcrumb\",\"itemListElement\":[{\"@type\":\"ListItem\",\"position\":1,\"name\":\"Startseite\",\"item\":\"https:\\\/\\\/magazin.ikk-suedwest.de\\\/oktober-2023\\\/\"},{\"@type\":\"ListItem\",\"position\":2,\"name\":\"IKK Online-Magazin\"}]},{\"@type\":\"WebSite\",\"@id\":\"https:\\\/\\\/magazin.ikk-suedwest.de\\\/oktober-2023\\\/#website\",\"url\":\"https:\\\/\\\/magazin.ikk-suedwest.de\\\/oktober-2023\\\/\",\"name\":\"Oktober 2023\",\"description\":\"Eine weitere IKK Magazin Ausgaben Website\",\"potentialAction\":[{\"@type\":\"SearchAction\",\"target\":{\"@type\":\"EntryPoint\",\"urlTemplate\":\"https:\\\/\\\/magazin.ikk-suedwest.de\\\/oktober-2023\\\/?s={search_term_string}\"},\"query-input\":{\"@type\":\"PropertyValueSpecification\",\"valueRequired\":true,\"valueName\":\"search_term_string\"}}],\"inLanguage\":\"de\"}]}<\/script>\n<!-- \/ Yoast SEO plugin. -->","yoast_head_json":{"title":"IKK Online-Magazin - Oktober 2023","robots":{"index":"noindex","follow":"follow","max-snippet":"max-snippet:-1","max-image-preview":"max-image-preview:large","max-video-preview":"max-video-preview:-1"},"og_locale":"de_DE","og_type":"article","og_title":"IKK Online-Magazin - Oktober 2023","og_description":"Ausgabe Oktober 2023 Liebe Leserinnen und Leser, die diesj\u00e4hrige Sozialwahl bedeutet gro\u00dfe Ver\u00e4nderungen im Verwaltungsrat der IKK S\u00fcdwest. Elf neue Kolleginnen und Kollegen durften wir im Rahmen der konstituierenden Sitzung im September begr\u00fc\u00dfen. Als Vorst\u00e4nde freuen wir uns nun darauf, gemeinsam mit unserer Selbstverwaltung die Zukunft unserer regionalen Krankenkasse weiter erfolgreich zu gestalten. Gleichzeitig markierte [&hellip;]","og_url":"https:\/\/magazin.ikk-suedwest.de\/oktober-2023\/","og_site_name":"Oktober 2023","article_modified_time":"2023-10-12T12:33:31+00:00","og_image":[{"url":"https:\/\/magazin.ikk-suedwest.de\/oktober-2023\/wp-content\/uploads\/sites\/10\/2021\/08\/ikk_vorstand_editorial_magazine_886x870.jpg","type":"","width":"","height":""}],"twitter_card":"summary_large_image","twitter_misc":{"Gesch\u00e4tzte Lesezeit":"2\u00a0Minuten"},"schema":{"@context":"https:\/\/schema.org","@graph":[{"@type":"WebPage","@id":"https:\/\/magazin.ikk-suedwest.de\/oktober-2023\/","url":"https:\/\/magazin.ikk-suedwest.de\/oktober-2023\/","name":"IKK Online-Magazin - Oktober 2023","isPartOf":{"@id":"https:\/\/magazin.ikk-suedwest.de\/oktober-2023\/#website"},"primaryImageOfPage":{"@id":"https:\/\/magazin.ikk-suedwest.de\/oktober-2023\/#primaryimage"},"image":{"@id":"https:\/\/magazin.ikk-suedwest.de\/oktober-2023\/#primaryimage"},"thumbnailUrl":"https:\/\/magazin.ikk-suedwest.de\/oktober-2023\/wp-content\/uploads\/sites\/10\/2021\/08\/ikk_vorstand_editorial_magazine_886x870.jpg","datePublished":"2016-10-12T18:04:37+00:00","dateModified":"2023-10-12T12:33:31+00:00","breadcrumb":{"@id":"https:\/\/magazin.ikk-suedwest.de\/oktober-2023\/#breadcrumb"},"inLanguage":"de","potentialAction":[{"@type":"ReadAction","target":["https:\/\/magazin.ikk-suedwest.de\/oktober-2023\/"]}]},{"@type":"ImageObject","inLanguage":"de","@id":"https:\/\/magazin.ikk-suedwest.de\/oktober-2023\/#primaryimage","url":"https:\/\/magazin.ikk-suedwest.de\/oktober-2023\/wp-content\/uploads\/sites\/10\/2021\/08\/ikk_vorstand_editorial_magazine_886x870.jpg","contentUrl":"https:\/\/magazin.ikk-suedwest.de\/oktober-2023\/wp-content\/uploads\/sites\/10\/2021\/08\/ikk_vorstand_editorial_magazine_886x870.jpg","width":886,"height":870},{"@type":"BreadcrumbList","@id":"https:\/\/magazin.ikk-suedwest.de\/oktober-2023\/#breadcrumb","itemListElement":[{"@type":"ListItem","position":1,"name":"Startseite","item":"https:\/\/magazin.ikk-suedwest.de\/oktober-2023\/"},{"@type":"ListItem","position":2,"name":"IKK Online-Magazin"}]},{"@type":"WebSite","@id":"https:\/\/magazin.ikk-suedwest.de\/oktober-2023\/#website","url":"https:\/\/magazin.ikk-suedwest.de\/oktober-2023\/","name":"Oktober 2023","description":"Eine weitere IKK Magazin Ausgaben Website","potentialAction":[{"@type":"SearchAction","target":{"@type":"EntryPoint","urlTemplate":"https:\/\/magazin.ikk-suedwest.de\/oktober-2023\/?s={search_term_string}"},"query-input":{"@type":"PropertyValueSpecification","valueRequired":true,"valueName":"search_term_string"}}],"inLanguage":"de"}]}},"_links":{"self":[{"href":"https:\/\/magazin.ikk-suedwest.de\/oktober-2023\/wp-json\/wp\/v2\/pages\/207","targetHints":{"allow":["GET"]}}],"collection":[{"href":"https:\/\/magazin.ikk-suedwest.de\/oktober-2023\/wp-json\/wp\/v2\/pages"}],"about":[{"href":"https:\/\/magazin.ikk-suedwest.de\/oktober-2023\/wp-json\/wp\/v2\/types\/page"}],"author":[{"embeddable":true,"href":"https:\/\/magazin.ikk-suedwest.de\/oktober-2023\/wp-json\/wp\/v2\/users\/1"}],"replies":[{"embeddable":true,"href":"https:\/\/magazin.ikk-suedwest.de\/oktober-2023\/wp-json\/wp\/v2\/comments?post=207"}],"version-history":[{"count":10,"href":"https:\/\/magazin.ikk-suedwest.de\/oktober-2023\/wp-json\/wp\/v2\/pages\/207\/revisions"}],"predecessor-version":[{"id":7115,"href":"https:\/\/magazin.ikk-suedwest.de\/oktober-2023\/wp-json\/wp\/v2\/pages\/207\/revisions\/7115"}],"wp:attachment":[{"href":"https:\/\/magazin.ikk-suedwest.de\/oktober-2023\/wp-json\/wp\/v2\/media?parent=207"}],"curies":[{"name":"wp","href":"https:\/\/api.w.org\/{rel}","templated":true}]}}